{"id":2,"date":"2016-05-10T03:48:21","date_gmt":"2016-05-10T03:48:21","guid":{"rendered":"https:\/\/www.rentenberatung-at.de\/?page_id=2"},"modified":"2026-08-23T18:59:54","modified_gmt":"2026-08-23T18:59:54","slug":"sample-page","status":"publish","type":"page","link":"https:\/\/www.rentenberatung-at.de\/","title":{"rendered":""},"content":{"rendered":"\n<h1 class=\"wp-block-heading\">Kompetenz in Rente Reha Pflege<\/h1>\n\n\n\n<h1 class=\"wp-block-heading\">Sie suchen &#8230;<\/h1>\n\n\n\n<p class=\"wp-block-paragraph\">einen unabh\u00e4ngigen Experten, der Sie kompetent und verst\u00e4ndlich in allen Fragen der gesetzlichen Rentenversicherung, Krankenversicherung, der sozialen Pflegeversicherung und des Schwerbehindertenrechts ber\u00e4t ?<\/p>\n\n\n\n<h2 class=\"wp-block-heading\">Sie m\u00f6chten &#8230;<\/h2>\n\n\n\n<p class=\"wp-block-paragraph\">Ihren Rentenbescheid von einem unabh\u00e4ngigen Rentenberater \u00fcberpr\u00fcfen lassen oder wissen, ob es sinnvoll ist, gegen eine ablehnende Rentenentscheidung vorzugehen ?<\/p>\n\n\n\n<h2 class=\"wp-block-heading\">Sie brauchen &#8230;<\/h2>\n\n\n\n<p class=\"wp-block-paragraph\">rechtlichen Beistand f\u00fcr ein Antrags-, Widerspruchs- oder Klageverfahren ?<\/p>\n\n\n\n<h2 class=\"wp-block-heading\">&#8230; dann kann ich Ihnen helfen &#8211; Willkommen!<\/h2>\n\n\n\n<p class=\"wp-block-paragraph\">F\u00fcr derartige Fragen und Probleme steht Ihnen Rentenberater Thomas Adamczyk gerne zur Verf\u00fcgung. Ich bin aufgrund meiner Expertise und Berufserfahrung auf das Renten- und Sozialversicherungsrecht spezialisiert und bin daher Ihr richtiger Ansprechpartner, wenn es um Rente, Reha und Pflege geht. Meine Mandanten sch\u00e4tzen vor allem die hohe fachliche Kompetenz und eine gute individuelle Betreuung.<\/p>\n\n\n\n<p class=\"wp-block-paragraph\">In Klage- und Berufungsverfahren vertrete ich als Prozessbevollm\u00e4chtigter Ihre Interessen vor allen deutschen Sozial- bzw. Landessozialgerichten.<\/p>\n\n\n\n<p class=\"wp-block-paragraph\">Zum Mandantenspektrum z\u00e4hlen neben Privatpersonen insbesondere Selbstst\u00e4ndige, Freiberufler und K\u00fcnstler, aber auch Unternehmen, Vereine und Verb\u00e4nde.<\/p>\n\n\n\n<p class=\"wp-block-paragraph\">Nutzen Sie also die M\u00f6glichkeit, sich in pers\u00f6nlicher Atmosph\u00e4re unabh\u00e4ngig und vertraulich beraten zu lassen. Rentenberater sind zur absoluten Verschwiegenheit verpflichtet!<\/p>\n\n\n\n<p class=\"wp-block-paragraph\">Damit ich mir f\u00fcr Ihre Fragen gen\u00fcgend Zeit nehmen kann, bitte ich um vorherige Terminvereinbarung. Neben der pers\u00f6nlichen Beratung in meinem B\u00fcro in Krefeld ist auch die Beratung per Telefon oder Internet m\u00f6glich.<\/p>\n\n\n\n<p class=\"wp-block-paragraph\">Kontaktieren Sie mich ganz unverbindlich telefonisch oder per E-Mail, damit ich mich pers\u00f6nlich um Ihr Anliegen k\u00fcmmern kann.<\/p>\n\n\n\n<p class=\"wp-block-paragraph\">Ich freue mich auf Ihre Nachricht.<\/p>\n\n\n\n<p class=\"wp-block-paragraph\"><\/p>\n","protected":false},"excerpt":{"rendered":"<p>Kompetenz in Rente Reha Pflege Sie suchen &#8230; einen unabh\u00e4ngigen Experten, der Sie kompetent und verst\u00e4ndlich in allen Fragen der gesetzlichen Rentenversicherung, Krankenversicherung, der sozialen Pflegeversicherung und des Schwerbehindertenrechts ber\u00e4t ? Sie m\u00f6chten &#8230; Ihren<\/p>\n","protected":false},"author":1,"featured_media":0,"parent":0,"menu_order":1,"comment_status":"closed","ping_status":"closed","template":"","meta":{"footnotes":""},"class_list":["post-2","page","type-page","status-publish","hentry"],"_links":{"self":[{"href":"https:\/\/www.rentenberatung-at.de\/index.php?rest_route=\/wp\/v2\/pages\/2","targetHints":{"allow":["GET"]}}],"collection":[{"href":"https:\/\/www.rentenberatung-at.de\/index.php?rest_route=\/wp\/v2\/pages"}],"about":[{"href":"https:\/\/www.rentenberatung-at.de\/index.php?rest_route=\/wp\/v2\/types\/page"}],"author":[{"embeddable":true,"href":"https:\/\/www.rentenberatung-at.de\/index.php?rest_route=\/wp\/v2\/users\/1"}],"replies":[{"embeddable":true,"href":"https:\/\/www.rentenberatung-at.de\/index.php?rest_route=%2Fwp%2Fv2%2Fcomments&post=2"}],"version-history":[{"count":21,"href":"https:\/\/www.rentenberatung-at.de\/index.php?rest_route=\/wp\/v2\/pages\/2\/revisions"}],"predecessor-version":[{"id":219,"href":"https:\/\/www.rentenberatung-at.de\/index.php?rest_route=\/wp\/v2\/pages\/2\/revisions\/219"}],"wp:attachment":[{"href":"https:\/\/www.rentenberatung-at.de\/index.php?rest_route=%2Fwp%2Fv2%2Fmedia&parent=2"}],"curies":[{"name":"wp","href":"https:\/\/api.w.org\/{rel}","templated":true}]}}